{"version":"1.0","provider_name":"Nomakeup","provider_url":"https:\/\/delibab.cafeblog.hu","author_name":"CsSz","author_url":"https:\/\/delibab.cafeblog.hu\/author\/cssz\/","title":"R\u00e1ncsim\u00edt\u00f3 - 50+happy","html":"<h3><a href=\"https:\/\/delibab.cafeblog.hu\/files\/2020\/08\/116344801_2672120759776677_8023034334369710688_n.jpg\"><img class=\"wp-image-1082 alignleft\" src=\"https:\/\/delibab.cafeblog.hu\/files\/2020\/08\/116344801_2672120759776677_8023034334369710688_n.jpg\" alt=\"\" width=\"626\" height=\"835\" \/><\/a>\u00d6tven\u00e9ves lettem \u00e9n....\u00dagy izgultam, mint egy kisgyerek...Vajon milyen \u00e9rz\u00e9s lesz? A negyvenedik sz\u00fclinapomon az asztal tetej\u00e9n t\u00e1ncoltam, \u00e9s a cip\u0151mb\u0151l pezsg\u0151t ittam. Az \u00f6tvenediken pedig fent j\u00e1rtam a fellegekben, sz\u00f3 szerint, egy h\u0151l\u00e9gballonnal...<\/h3>\r\n<h3>Egy \u00f6tvenes r\u00e1ncsim\u00edt\u00f3 tudja, hogy els\u0151sorban nem a k\u00fcls\u0151 bar\u00e1zd\u00e1i miatt kell aggodalmaskodnia. Elfogadja \u00e9s \u00fcdv\u00f6zli az \u00e9vek alatt gy\u0171l\u0151 szarkal\u00e1bakat. Megtanulja szeretni, \u00e9s viselni a foltokat, a szepl\u0151ket, a s\u00falyos \u00e9s s\u00falytalan dolgokat, melyek akarva-akaratlanul egyre csak rak\u00f3dnak k\u00edv\u00fcl-bel\u00fcl\u2026 Mostanra felismeri, hogy <strong>a lila k\u00f6d ak\u00e1r s\u00e1rga is lehet<\/strong>, vagy piros, vagy annyira sz\u00ednes, \u00e9s elb\u0171v\u00f6l\u0151, mint egy kaleidoszk\u00f3p. Igenis, hagyja mag\u00e1t elb\u00e1jolni, elcs\u00e1bulni, elragadtatni. Kezdi meg\u00e9rteni, hogy a legnagyobb sim\u00edt\u00e1s bel\u00fclr\u0151l j\u00f6n, beb\u00e1boz\u00f3dott herny\u00f3k\u00e9nt arra v\u00e1rva, hogy pillang\u00f3k\u00e9nt v\u00e9gre \u00e9letre kelljen. Pillang\u00f3 hat\u00e1s, a leghat\u00e9konyabb r\u00e1ncszelid\u00edt\u0151...<\/h3>\r\n<p>&nbsp;<\/p>\r\n<p>Egy \u00f6tvenes r\u00e1ncsim\u00edt\u00f3 lassan meg\u00e9rti, hogy a \u201er\u00e1ncfelvarr\u00e1s\u201d csak ideig-\u00f3r\u00e1ig ny\u00fajt megold\u00e1st. N\u00e9ha\u00a0<strong>v\u00e9gleg el kell varrni sz\u00e1lakat<\/strong>, hogy tov\u00e1bb tudjon l\u00e9pni egy magasabb, emelkedetteb szintre. A k\u00fcls\u0151 r\u00e1ncok helyett sokkal fontosabb a bels\u0151 hull\u00e1mok elsim\u00edt\u00e1sa. Megtanulja, hogy mikor kell \u00e9gni, \u00e9s mikor kell elcsendesedni. Mikor kell adni, \u00e9s hogyan kell elfogadni.\u00a0 Mi a k\u00fcl\u00f6nbs\u00e9g a v\u00e1gyakozni \u00e9s az \u00e1gaskodni k\u00f6z\u00f6tt. Kezdi \u00a0kapisg\u00e1lni, hogy nem el\u00e9g csak \u00e1lmodozni a <strong>szerelemr\u0151l <\/strong>\u2026 Nem el\u00e9g nagy szavakat v\u00e1rni, \u00e9s nagy szavakat mondani. Mit jelent meg\u00e9lni \u00e9s meg\u00e9rni, hogy ki az, aki fontos \u00e9s ki az, aki koncos\u2026 hogy nem baj, ha k\u00f3cos, s\u0151t, csak legyen cs\u00f3kos. Nem baj, ha cserfes, ha lelkes, ha m\u00e1s, mint a t\u00f6bbi, hogy elfogad\u00e1s n\u00e9lk\u00fcl nincs semmi. \u00a0\u00a0<\/p>\r\n<p>Egy \u00f6tvenes r\u00e1ncsim\u00edt\u00f3 felismeri, hol van r\u00e1 sz\u00fcks\u00e9g \u00e9s, azt is, ha m\u00e1r felesleges. Elfogadja, hogy a v\u00e1ltoz\u00e1s elker\u00fclhetetlen, \u00e9s leragadni nem lehet. <strong>Humor<\/strong> n\u00e9lk\u00fcl nem \u00e9rdemes, hogy a <strong>vid\u00e1ms\u00e1g<\/strong> is foly\u00e9kony keny\u00e9r, hogy <strong>bels\u0151 mosoly<\/strong> n\u00e9lk\u00fcl j\u00f6n a kisz\u00e1rad\u00e1s, hogy <strong>melegs\u00e9g<\/strong> n\u00e9lk\u00fcl \u00e1lland\u00f3 a vacog\u00e1s.\u00a0 \u00a0<\/p>\r\n<h3 style=\"text-align: center\"><a href=\"https:\/\/delibab.cafeblog.hu\/files\/2016\/08\/09csok2.jpg\"><img class=\"wp-image-326 alignleft\" src=\"https:\/\/delibab.cafeblog.hu\/files\/2016\/08\/09csok2.jpg\" alt=\"\" width=\"385\" height=\"290\" \/><\/a>Hiszi, hogy csal\u00e1rd helyett <strong>csal\u00e1d<\/strong>, hogy bor\u00edt helyett <strong>bar\u00e1t<\/strong>, hogy t\u00e1vols\u00e1g helyett <strong>k\u00f6zels\u00e9g<\/strong>, hogy bez\u00e1rts\u00e1g helyett <strong>ny\u00edlts\u00e1g<\/strong>, hogy kifog\u00e1s helyett <strong>k\u00e9zfog\u00e1s<\/strong>, hogy b\u00e1nat helyett <strong>boldogs\u00e1g<\/strong>. Hogy a <strong>figyelem<\/strong> legal\u00e1bb olyan fontos, mint a fegyelem, hogy a szabads\u00e1g nem szabhat hat\u00e1rt, hogy a ragaszkod\u00e1s nem mindig b\u00e9kly\u00f3, hogy agyal\u00e1s helyett \u00f6lel\u00e9s. \u00a0<strong>Sok \u00f6lel\u00e9s<\/strong>. R\u00e1ncsim\u00edt\u00f3.<\/h3>\r\n<p>&nbsp;<\/p>\r\n<p>\u00d6tven\u00e9ves lettem \u00e9n \u2013<\/p>\r\n<p>meglepett - e sz\u00edvzuhan\u00e1s<\/p>\r\n<p>fene<\/p>\r\n<p>b\u00e1nja<\/p>\r\n<p>kincs, mit aj\u00e1nd\u00e9kba kaptam<\/p>\r\n<p>e megsz\u00fcrk\u00fclt peremen<\/p>\r\n<p>t\u0151led<\/p>\r\n<p>nekem.<\/p>\r\n<p>\u00d6tven \u00e9vem elszaladt,<\/p>\r\n<p>kev\u00e9s mi volt, alig maradt<\/p>\r\n<p>hiszek,<\/p>\r\n<p>benn\u00fcnk.<\/p>\r\n<p>Lehettem volna \u00e9nekes,<\/p>\r\n<p>nem ily filoz\u00f3fikus vad\u00f3c<\/p>\r\n<p>csacska<\/p>\r\n<p>fruska.<\/p>\r\n<p>De nem lettem, mert Debrecenben<\/p>\r\n<p>se sz\u00ednh\u00e1z, se egyetem<\/p>\r\n<p>nem takart<\/p>\r\n<p>nem akart.<\/p>\r\n<p>Tan\u00edtott buzg\u00f3n, feln\u0151ttre form\u00e1lt<\/p>\r\n<p>ifjonti v\u00e9remmel,<\/p>\r\n<p>a sz\u00edv<\/p>\r\n<p>megtelt,<\/p>\r\n<p>kivont karddal tolt el\u0151re<\/p>\r\n<p>k\u00fczd\u00e9sre k\u00e9nyszer\u00edtve<\/p>\r\n<p>egyes<\/p>\r\n<p>egyed\u00fcl.<\/p>\r\n<p>\u201eTe, elmondom sz\u00e1zszor, hogy meg\u00e9rtsd,<br \/>nem leszel f\u00fclem\u00fcle \u00e1g tetej\u00e9n\u201d -<br \/>makogsz<\/p>\r\n<p>vacogsz.<\/p>\r\n<p>Egy\u00fctt der\u00fcl tan\u00e1r s di\u00e1k <br \/>hogy kisl\u00e1ny nem deszk\u00e1t koptat ma m\u00e1r<\/p>\r\n<p>csak sz\u00e1ll<\/p>\r\n<p>csak sz\u00e1ll...<\/p>\r\n<p>Marad\u00e9k \u00e9letemben r\u00e1d<\/p>\r\n<p>fogok nem ak\u00e1rhogy<\/p>\r\n<p>v\u00e1gyni,<\/p>\r\n<p>v\u00e1rni!<\/p>\r\n<p>&nbsp;<\/p>\r\n<p style=\"text-align: right\"><strong>SZ\u00dcLET\u00c9SNAPOMRA\u00a0\u00a0\u00a0\u00a0<\/strong><\/p>\r\n<p style=\"text-align: right\">Harminck\u00e9t \u00e9ves lettem \u00e9n -<br \/>meglepet\u00e9s e k\u00f6ltem\u00e9ny<br \/>csecse<br \/>becse:<\/p>\r\n<p style=\"text-align: right\">aj\u00e1nd\u00e9k, mellyel meglepem<br \/>e k\u00e1v\u00e9h\u00e1zi szegleten<br \/>magam<br \/>magam.<\/p>\r\n<p style=\"text-align: right\">Harminck\u00e9t \u00e9vem elszelelt<br \/>s m\u00e9g havi k\u00e9tsz\u00e1z sose telt.<br \/>Az \u00e1m,<br \/>Haz\u00e1m!<\/p>\r\n<p style=\"text-align: right\">Lehettem volna oktat\u00f3,<br \/>nem ily t\u00f6lt\u0151toll koptat\u00f3<br \/>szeg\u00e9ny<br \/>leg\u00e9ny.<\/p>\r\n<p style=\"text-align: right\">De nem lettem, mert Szegeden<br \/>eltan\u00e1csolt az egyetem<br \/>fura<br \/>ura.<\/p>\r\n<p style=\"text-align: right\">Intelme gyorsan, nyersen \u00e9rt<br \/>a \u201eNincsen ap\u00e1m\u201d versem\u00e9rt,<br \/>a hont<br \/>kivont<\/p>\r\n<p style=\"text-align: right\">szably\u00e1val \u00f3vta ellenem.<br \/>Ideid\u00e9zi szellemem<br \/>hev\u00e9t<br \/>s nev\u00e9t:<\/p>\r\n<p style=\"text-align: right\">\u201e\u00d6n, amig sz\u00f3b\u00f3l \u00e9rtek \u00e9n,<br \/>nem lesz tan\u00e1r e f\u00e9ltek\u00e9n\u201d -<br \/>gagyog<br \/>s ragyog.<\/p>\r\n<p style=\"text-align: right\">Ha \u00f6r\u00fcl Horger Antal \u00far,<br \/>hogy k\u00f6lt\u0151nk nem nyelvtant tanul,<br \/>sek\u00e9ly<br \/>e k\u00e9j -<\/p>\r\n<p style=\"text-align: right\">\u00c9n eg\u00e9sz n\u00e9pemet fogom<br \/>nem k\u00f6z\u00e9piskol\u00e1s fokon<br \/>tan\u00ed-<br \/>tani!<\/p>\r\n<p style=\"text-align: right\">J\u00f3zsef Attila -1937. \u00e1prilis 11.<\/p>","type":"rich"}