{"version":"1.0","provider_name":"Nomakeup","provider_url":"https:\/\/delibab.cafeblog.hu","author_name":"CsSz","author_url":"https:\/\/delibab.cafeblog.hu\/author\/cssz\/","title":"Szerelemsz\u00e9delg\u0151k","html":"<p><a href=\"https:\/\/delibab.cafeblog.hu\/files\/2016\/07\/3.jpg\"><img class=\"alignnone size-full wp-image-113\" src=\"https:\/\/delibab.cafeblog.hu\/files\/2016\/07\/3.jpg\" alt=\"3\" width=\"768\" height=\"432\" \/><\/a><\/p>\r\n<p><span style=\"color: #993366\">\u00a0Ki viszi \u00e1t a Szerelmet<\/span><\/p>\r\n<p><span style=\"color: #993366\"> L\u00e9tem ha v\u00e9gleg lemer\u00fclt <\/span><\/p>\r\n<p><span style=\"color: #993366\">ki im\u00e1d t\u00fccs\u00f6k-heged\u0171t? <\/span><\/p>\r\n<p><span style=\"color: #993366\">L\u00e1ngot ki lehel deres \u00e1gra? <\/span><\/p>\r\n<p><span style=\"color: #993366\">Ki fesz\u00fcl f\u00f6l a sziv\u00e1rv\u00e1nyra? <\/span><\/p>\r\n<p><span style=\"color: #993366\">L\u00e1gy hant\u00fa mez\u0151v\u00e9 a szikla- cs\u00edp\u0151ket ki \u00f6leli s\u00edrva? <\/span><\/p>\r\n<p><span style=\"color: #993366\">Ki bec\u00e9z falban megeredt hajakat, ver\u0151ereket? <\/span><\/p>\r\n<p><span style=\"color: #993366\">S d\u00falt hiteknek kicsoda \u00e1ll\u00edt k\u00e1romkod\u00e1sb\u00f3l katedr\u00e1list? <\/span><\/p>\r\n<p><span style=\"color: #993366\">L\u00e9tem ha v\u00e9gleg lemer\u00fclt, ki rettenti a kesely\u0171t! <\/span><\/p>\r\n<p><span style=\"color: #993366\">S ki viszi \u00e1t fog\u00e1ban tartva <\/span><\/p>\r\n<p><span style=\"color: #993366\">a Szerelmet a t\u00fals\u00f3 partra!\u201d (Nagy L\u00e1szl\u00f3,1957)<\/span><br \/><br \/><\/p>\r\n<p style=\"text-align: justify\"><span style=\"color: #993366\">Bel\u00e9m mart\u00e1l. Te lehelt\u00e9l bel\u00e9m l\u00e1ngot \u00fajra. Fel\u00e9bresztetted az alv\u00f3 szenved\u00e9lyt \u00e9s \u00e9n boldogan lettem a szeret\u0151d. Megjegyezt\u00e9l, de el sose vett\u00e9l. Magadnak akart\u00e1l, de magadat sosem adtad oda \u00e1rv\u00e1n. \u00a0K\u00edv\u00fcl-bel\u00fcl meztelenre vetk\u0151ztem \u00e9rted, \u00f6sszehordva k\u00edgy\u00f3t-b\u00e9k\u00e1t, hogy n\u00e9ha egy\u00fctt hallgassuk a t\u00fccs\u00f6k-heged\u0171t. Nem v\u00e1rva m\u00e1r t\u00fal sok csod\u00e1t, \u00edgy est\u00fcnk rabul sut\u00e1n a mi kis b\u00f6rt\u00f6n\u00fcnkbe. Nem vettem volna r\u00e1 m\u00e9rget, hogy feladn\u00e1d b\u00faskomor l\u00e9ted, de \u00fagy k\u00fczd\u00f6tt\u00fcnk, megfesz\u00fclve, hogy megadtam magam \u00f6lel\u00e9snek, bossz\u00fanak,v\u00e1gynak, bec\u00e9z\u0151 marhas\u00e1gnak. Gondoltam majd mi ketten elrettentj\u00fck a gonoszkod\u00f3 hitetlent. Mik\u00f6zben akad\u00e1lymentes volt a p\u00e1lya, mi \u00e9p\u00edtett\u00fck egyre csak a \u00a0g\u00e1tat. Falakat h\u00faztunk \u00e9s romboltunk. Dacosan-harcosan sz\u00edtottuk az ellent\u00e9tes er\u0151ket.\u00a0 A j\u00e9g \u00e9s a t\u0171z k\u00f6z\u00f6tt j\u00e1tszadoztunk. Hol a hidegt\u0151l vacogva, hol a t\u00fczes l\u00e1ngokt\u00f3l \u00a0megperzsel\u0151dve, de soha el nem k\u00f6telezve. \u00a0Vitt\u00fck mi\u2026..h\u00faztuk-vontuk. Foggal-k\u00f6r\u00f6mmel, m\u00e9ly nyomokat hagyva siv\u00e1r kis \u00e9let\u00fcnkben. Hol a sziv\u00e1rv\u00e1nyig r\u00f6p\u00edtett, hol a m\u00e9lybe ejtett, de v\u00e9g\u00fcl mi hagytuk el. \u00a0Most k\u00e9rdem \u00e9n? Lesz-e m\u00e9g id\u0151nk, bec\u00e9z\u0151 szavakra, \u00f6lelni s\u00edrva? Lesz-e m\u00e9g szerencs\u00e9nk cipelni, a fogunkban tartva? Lesz-e m\u00e9g id\u0151nk egym\u00e1s h\u00fas\u00e1ba marni? Lesz-e m\u00e9g id\u0151nk \u00faj l\u00e1ngot gy\u00fajtani? Lesz-e m\u00e9g er\u0151nk fesz\u00fclni sziv\u00e1rv\u00e1nyos \u00e9gre, lesz-e- m\u00e9g v\u00e1gyunk elveszni \u00e9rte?<\/span><\/p>","type":"rich"}